{"id":112,"date":"2022-06-27T23:02:22","date_gmt":"2022-06-27T21:02:22","guid":{"rendered":"http:\/\/orasetz.cluster029.hosting.ovh.net\/?page_id=112"},"modified":"2024-11-27T18:05:54","modified_gmt":"2024-11-27T17:05:54","slug":"lieux-dexposition","status":"publish","type":"page","link":"http:\/\/orasetz.cluster029.hosting.ovh.net\/index.php\/lieux-dexposition\/","title":{"rendered":"Lieux d&rsquo;exposition"},"content":{"rendered":"\n<p><strong><mark style=\"background-color:rgba(0, 0, 0, 0)\" class=\"has-inline-color has-vivid-cyan-blue-color\"><em>Recherche de lieux d&rsquo;exposition<\/em><\/mark><\/strong><\/p>\n\n\n\n<p><em>Je suis \u00e0 la recherche de lieux d&rsquo;expositions annuelles ou ponctuelles, n&rsquo;h\u00e9sitez pas \u00e0 me contacter.<\/em><\/p>\n\n\n\n<div style=\"height:100px\" aria-hidden=\"true\" class=\"wp-block-spacer\"><\/div>\n\n\n\n<p><mark style=\"background-color:rgba(0, 0, 0, 0)\" class=\"has-inline-color has-vivid-cyan-blue-color\"><strong>Dimanche 8 d\u00e9cembre 2024 (10h &#8211; 18h) : March\u00e9 de No\u00ebl de l&rsquo;espace Em, Gap, Hautes-Alpes (05)<\/strong><\/mark><\/p>\n\n\n\n<ul class=\"wp-block-list\">\n<li>100% production locale et artisanale.<\/li>\n\n\n\n<li>Venez d\u00e9couvrir les cr\u00e9ations de bijoux, photos, baumes, c\u00e9ramiques, biscuits, tisanes, luminaires et savons.<\/li>\n\n\n\n<li>C&rsquo;est aussi l&rsquo;occasion de d\u00e9couvrir ce qui est propos\u00e9 \u00e0 l&rsquo;espace Em (en mouvement) : pil\u00e2tes, feldenkrais, ost\u00e9opathie, m\u00e9ditation, \u00e9nerg\u00e9tique chinoise&#8230;<\/li>\n<\/ul>\n\n\n\n<figure class=\"wp-block-image size-large\"><img loading=\"lazy\" decoding=\"async\" width=\"1024\" height=\"1024\" src=\"http:\/\/orasetz.cluster029.hosting.ovh.net\/wp-content\/uploads\/2024\/11\/Affiche_c-1024x1024.jpg\" alt=\"\" class=\"wp-image-458\" srcset=\"http:\/\/orasetz.cluster029.hosting.ovh.net\/wp-content\/uploads\/2024\/11\/Affiche_c-1024x1024.jpg 1024w, http:\/\/orasetz.cluster029.hosting.ovh.net\/wp-content\/uploads\/2024\/11\/Affiche_c-300x300.jpg 300w, http:\/\/orasetz.cluster029.hosting.ovh.net\/wp-content\/uploads\/2024\/11\/Affiche_c-150x150.jpg 150w, http:\/\/orasetz.cluster029.hosting.ovh.net\/wp-content\/uploads\/2024\/11\/Affiche_c-768x768.jpg 768w, http:\/\/orasetz.cluster029.hosting.ovh.net\/wp-content\/uploads\/2024\/11\/Affiche_c-1536x1536.jpg 1536w, http:\/\/orasetz.cluster029.hosting.ovh.net\/wp-content\/uploads\/2024\/11\/Affiche_c.jpg 1600w\" sizes=\"auto, (max-width: 1024px) 100vw, 1024px\" \/><\/figure>\n\n\n\n<div style=\"height:100px\" aria-hidden=\"true\" class=\"wp-block-spacer\"><\/div>\n\n\n\n<p><mark style=\"background-color:rgba(0, 0, 0, 0)\" class=\"has-inline-color has-vivid-cyan-blue-color\"><strong>Samedi 7 d\u00e9cembre 2024 (10h &#8211; 18h) : March\u00e9 de No\u00ebl au Relais de l&rsquo;Avance, Saint-Etienne-Le-Laus, Hautes-Alpes (05)<\/strong><\/mark><\/p>\n\n\n\n<ul class=\"wp-block-list\">\n<li>Animations toute la journ\u00e9e<\/li>\n\n\n\n<li>Activit\u00e9s pour les petits et les grands<\/li>\n\n\n\n<li>&#8230;<\/li>\n<\/ul>\n\n\n\n<figure class=\"wp-block-image size-large\"><img loading=\"lazy\" decoding=\"async\" width=\"1024\" height=\"1024\" src=\"http:\/\/orasetz.cluster029.hosting.ovh.net\/wp-content\/uploads\/2024\/11\/Marche-de-Noel-Avance_c-1024x1024.jpg\" alt=\"\" class=\"wp-image-457\" srcset=\"http:\/\/orasetz.cluster029.hosting.ovh.net\/wp-content\/uploads\/2024\/11\/Marche-de-Noel-Avance_c-1024x1024.jpg 1024w, http:\/\/orasetz.cluster029.hosting.ovh.net\/wp-content\/uploads\/2024\/11\/Marche-de-Noel-Avance_c-300x300.jpg 300w, http:\/\/orasetz.cluster029.hosting.ovh.net\/wp-content\/uploads\/2024\/11\/Marche-de-Noel-Avance_c-150x150.jpg 150w, http:\/\/orasetz.cluster029.hosting.ovh.net\/wp-content\/uploads\/2024\/11\/Marche-de-Noel-Avance_c-768x768.jpg 768w, http:\/\/orasetz.cluster029.hosting.ovh.net\/wp-content\/uploads\/2024\/11\/Marche-de-Noel-Avance_c-1536x1536.jpg 1536w, http:\/\/orasetz.cluster029.hosting.ovh.net\/wp-content\/uploads\/2024\/11\/Marche-de-Noel-Avance_c.jpg 1600w\" sizes=\"auto, (max-width: 1024px) 100vw, 1024px\" \/><\/figure>\n\n\n\n<p><\/p>\n\n\n\n<div style=\"height:74px\" aria-hidden=\"true\" class=\"wp-block-spacer\"><\/div>\n\n\n\n<hr class=\"wp-block-separator has-alpha-channel-opacity\"\/>\n\n\n\n<p>&#8212; <mark style=\"background-color:rgba(0, 0, 0, 0)\" class=\"has-inline-color has-vivid-cyan-blue-color\"><strong>\u00c9v\u00e9nements pass\u00e9s<\/strong><\/mark> &#8212;<\/p>\n\n\n\n<div style=\"height:74px\" aria-hidden=\"true\" class=\"wp-block-spacer\"><\/div>\n\n\n\n<p><mark style=\"background-color:rgba(0, 0, 0, 0)\" class=\"has-inline-color has-vivid-cyan-blue-color\"><strong>Lundi 12 ao\u00fbt  2024 (9h30 &#8211; 19h) : March\u00e9 Potier, Arvieux, Hautes-Alpes (05)<\/strong><\/mark><\/p>\n\n\n\n<ul class=\"wp-block-list\">\n<li>Atelier enfants <\/li>\n\n\n\n<li>D\u00e9monstration tournage de grosses pi\u00e8ces<\/li>\n<\/ul>\n\n\n\n<p><mark style=\"background-color:rgba(0, 0, 0, 0)\" class=\"has-inline-color has-vivid-cyan-blue-color\"><strong>Vendredi 2 ao\u00fbt 2024 (9h &#8211; 19h) : March\u00e9 Potier, Baratier, Hautes-Alpes (05)<\/strong><\/mark><\/p>\n\n\n\n<ul class=\"wp-block-list\">\n<li>D\u00e9monstration jarre \u00e0 la corde<\/li>\n\n\n\n<li>Animation enfants 15h-17h<\/li>\n\n\n\n<li>D\u00e9monstration tournage 15h-17h<\/li>\n<\/ul>\n\n\n\n<p><mark style=\"background-color:rgba(0, 0, 0, 0)\" class=\"has-inline-color has-vivid-cyan-blue-color\"><strong>Mardi 6 ao\u00fbt 2024 (9h &#8211; 18h30) : March\u00e9 Potier, Jausiers, Alpes-de-Haute-Provence (04)<\/strong><\/mark><\/p>\n\n\n\n<p><mark style=\"background-color:rgba(0, 0, 0, 0)\" class=\"has-inline-color has-vivid-cyan-blue-color\"><strong>1er mai 2024 (9h &#8211; 18h) : Braderie des potiers, La Fare en Champsaur, Hautes-Alpes<\/strong><\/mark><\/p>\n\n\n\n<p><mark style=\"background-color:rgba(0, 0, 0, 0)\" class=\"has-inline-color has-vivid-cyan-blue-color\"><strong>17 d\u00e9cembre 2023 (14h &#8211; 18h) : March\u00e9 de No\u00ebl en chaussettes, Gap, Hautes-Alpes<\/strong><\/mark> A <a href=\"https:\/\/www.espace-em.fr\/\">l&rsquo;Espace \u00cam<\/a> de Gap<\/p>\n\n\n\n<p><mark style=\"background-color:rgba(0, 0, 0, 0)\" class=\"has-inline-color has-vivid-cyan-blue-color\"><strong>1er mai 2023 (9h &#8211; 18h) : Braderie des potiers, La Fare en Champsaur, Hautes-Alpes<\/strong><\/mark><\/p>\n\n\n\n<p><mark style=\"background-color:rgba(0, 0, 0, 0)\" class=\"has-inline-color has-vivid-cyan-blue-color\"><strong>Jeudi 22 d\u00e9cembre 2022 (10h &#8211; 18h) : March\u00e9 de No\u00ebl, Embrun, Hautes-Alpes<\/strong><\/mark><\/p>\n\n\n\n<p><mark style=\"background-color:rgba(0, 0, 0, 0)\" class=\"has-inline-color has-vivid-cyan-blue-color\"><strong>Samedi 10 d\u00e9cembre 2022 (10h &#8211; 18h) : March\u00e9 de No\u00ebl, Chabottes, Hautes-Alpes<\/strong><\/mark><\/p>\n\n\n\n<p><mark style=\"background-color:rgba(0, 0, 0, 0)\" class=\"has-inline-color has-vivid-cyan-blue-color\"><strong>Samedi 17 d\u00e9cembre 2022 (<strong>10h &#8211; 17h30<\/strong><\/strong><\/mark>) <mark style=\"background-color:rgba(0, 0, 0, 0)\" class=\"has-inline-color has-vivid-cyan-blue-color\"><strong>: March\u00e9 de No\u00ebl, Saint Andr\u00e9 d&rsquo;Embrun, Hautes-Alpes<\/strong><\/mark><\/p>\n\n\n\n<p><mark style=\"background-color:rgba(0, 0, 0, 0)\" class=\"has-inline-color has-vivid-cyan-blue-color\"><strong>Jeudi 14 juillet 2022<\/strong><\/mark><strong><mark style=\"background-color:rgba(0, 0, 0, 0)\" class=\"has-inline-color has-vivid-cyan-blue-color\"> : F\u00eate des fleurs \u00e0 Abries<strong><mark style=\"background-color:rgba(0, 0, 0, 0)\" class=\"has-inline-color has-vivid-cyan-blue-color\">, Queyras, Hautes-Alpes<\/mark><\/strong><\/mark><\/strong><\/p>\n\n\n\n<p><mark style=\"background-color:rgba(0, 0, 0, 0)\" class=\"has-inline-color has-vivid-cyan-blue-color\"><strong>Vendredi 15 juillet 2022<\/strong><\/mark><strong><mark style=\"background-color:rgba(0, 0, 0, 0)\" class=\"has-inline-color has-vivid-cyan-blue-color\"> : Rencontre avec nos artisans cr\u00e9ateurs, <strong><mark style=\"background-color:rgba(0, 0, 0, 0)\" class=\"has-inline-color has-vivid-cyan-blue-color\">Serre Chevalier &#8211; Chantemerle, Hautes-Alpes<\/mark><\/strong><\/mark><\/strong><\/p>\n\n\n\n<p><mark style=\"background-color:rgba(0, 0, 0, 0)\" class=\"has-inline-color has-vivid-cyan-blue-color\"><strong>Mercredi 20 juillet 2022<\/strong><\/mark><mark style=\"background-color: rgba(0, 0, 0, 0);\" class=\"has-inline-color has-vivid-cyan-blue-color\"><b> (18h &#8211; 23h) : March\u00e9 <\/b><\/mark><strong><mark style=\"background-color:rgba(0, 0, 0, 0)\" class=\"has-inline-color has-vivid-cyan-blue-color\">nocturne et concert \u00e0 Chorges, Hautes-Alpes<\/mark><\/strong><\/p>\n\n\n\n<p><strong><mark style=\"background-color:rgba(0, 0, 0, 0)\" class=\"has-inline-color has-vivid-cyan-blue-color\">J<strong>uillet \/ Ao\u00fbt 2022 <\/strong><\/mark><\/strong>: <strong><mark style=\"background-color:rgba(0, 0, 0, 0)\" class=\"has-inline-color has-vivid-cyan-blue-color\">Exposition estivale dans l&rsquo;ATELIER TERRE ET FEU \u00e0 Chorges, Hautes-Alpes<\/mark><\/strong><\/p>\n\n\n\n<p><\/p>\n\n\n\n<div style=\"height:74px\" aria-hidden=\"true\" class=\"wp-block-spacer\"><\/div>\n","protected":false},"excerpt":{"rendered":"<p>Recherche de lieux d&rsquo;exposition Je suis \u00e0 la recherche de lieux d&rsquo;expositions annuelles ou ponctuelles, n&rsquo;h\u00e9sitez pas \u00e0 me contacter. Dimanche 8 d\u00e9cembre 2024 (10h &#8211; 18h) : March\u00e9 de No\u00ebl de l&rsquo;espace Em, Gap, Hautes-Alpes (05) Samedi 7 d\u00e9cembre 2024 (10h &#8211; 18h) : March\u00e9 de No\u00ebl au Relais de l&rsquo;Avance, Saint-Etienne-Le-Laus, Hautes-Alpes (05) [&hellip;]<\/p>\n","protected":false},"author":1,"featured_media":0,"parent":0,"menu_order":0,"comment_status":"closed","ping_status":"closed","template":"","meta":{"footnotes":""},"class_list":["post-112","page","type-page","status-publish","hentry"],"yoast_head":"<!-- This site is optimized with the Yoast SEO plugin v27.5 - https:\/\/yoast.com\/product\/yoast-seo-wordpress\/ -->\n<title>Lieux d&#039;exposition - mati\u00e8re et compagnie<\/title>\n<meta name=\"robots\" content=\"index, follow, max-snippet:-1, max-image-preview:large, max-video-preview:-1\" \/>\n<link rel=\"canonical\" href=\"https:\/\/orasetz.cluster029.hosting.ovh.net\/index.php\/lieux-dexposition\/\" \/>\n<meta property=\"og:locale\" content=\"fr_FR\" \/>\n<meta property=\"og:type\" content=\"article\" \/>\n<meta property=\"og:title\" content=\"Lieux d&#039;exposition - mati\u00e8re et compagnie\" \/>\n<meta property=\"og:description\" content=\"Recherche de lieux d&rsquo;exposition Je suis \u00e0 la recherche de lieux d&rsquo;expositions annuelles ou ponctuelles, n&rsquo;h\u00e9sitez pas \u00e0 me contacter. Dimanche 8 d\u00e9cembre 2024 (10h &#8211; 18h) : March\u00e9 de No\u00ebl de l&rsquo;espace Em, Gap, Hautes-Alpes (05) Samedi 7 d\u00e9cembre 2024 (10h &#8211; 18h) : March\u00e9 de No\u00ebl au Relais de l&rsquo;Avance, Saint-Etienne-Le-Laus, Hautes-Alpes (05) [&hellip;]\" \/>\n<meta property=\"og:url\" content=\"https:\/\/orasetz.cluster029.hosting.ovh.net\/index.php\/lieux-dexposition\/\" \/>\n<meta property=\"og:site_name\" content=\"mati\u00e8re et compagnie\" \/>\n<meta property=\"article:modified_time\" content=\"2024-11-27T17:05:54+00:00\" \/>\n<meta property=\"og:image\" content=\"http:\/\/orasetz.cluster029.hosting.ovh.net\/wp-content\/uploads\/2024\/11\/Affiche_c-1024x1024.jpg\" \/>\n<meta name=\"twitter:card\" content=\"summary_large_image\" \/>\n<meta name=\"twitter:label1\" content=\"Dur\u00e9e de lecture estim\u00e9e\" \/>\n\t<meta name=\"twitter:data1\" content=\"2 minutes\" \/>\n<script type=\"application\/ld+json\" class=\"yoast-schema-graph\">{\"@context\":\"https:\\\/\\\/schema.org\",\"@graph\":[{\"@type\":\"WebPage\",\"@id\":\"https:\\\/\\\/orasetz.cluster029.hosting.ovh.net\\\/index.php\\\/lieux-dexposition\\\/\",\"url\":\"https:\\\/\\\/orasetz.cluster029.hosting.ovh.net\\\/index.php\\\/lieux-dexposition\\\/\",\"name\":\"Lieux d'exposition - mati\u00e8re et compagnie\",\"isPartOf\":{\"@id\":\"http:\\\/\\\/orasetz.cluster029.hosting.ovh.net\\\/#website\"},\"primaryImageOfPage\":{\"@id\":\"https:\\\/\\\/orasetz.cluster029.hosting.ovh.net\\\/index.php\\\/lieux-dexposition\\\/#primaryimage\"},\"image\":{\"@id\":\"https:\\\/\\\/orasetz.cluster029.hosting.ovh.net\\\/index.php\\\/lieux-dexposition\\\/#primaryimage\"},\"thumbnailUrl\":\"http:\\\/\\\/orasetz.cluster029.hosting.ovh.net\\\/wp-content\\\/uploads\\\/2024\\\/11\\\/Affiche_c-1024x1024.jpg\",\"datePublished\":\"2022-06-27T21:02:22+00:00\",\"dateModified\":\"2024-11-27T17:05:54+00:00\",\"breadcrumb\":{\"@id\":\"https:\\\/\\\/orasetz.cluster029.hosting.ovh.net\\\/index.php\\\/lieux-dexposition\\\/#breadcrumb\"},\"inLanguage\":\"fr-FR\",\"potentialAction\":[{\"@type\":\"ReadAction\",\"target\":[\"https:\\\/\\\/orasetz.cluster029.hosting.ovh.net\\\/index.php\\\/lieux-dexposition\\\/\"]}]},{\"@type\":\"ImageObject\",\"inLanguage\":\"fr-FR\",\"@id\":\"https:\\\/\\\/orasetz.cluster029.hosting.ovh.net\\\/index.php\\\/lieux-dexposition\\\/#primaryimage\",\"url\":\"http:\\\/\\\/orasetz.cluster029.hosting.ovh.net\\\/wp-content\\\/uploads\\\/2024\\\/11\\\/Affiche_c.jpg\",\"contentUrl\":\"http:\\\/\\\/orasetz.cluster029.hosting.ovh.net\\\/wp-content\\\/uploads\\\/2024\\\/11\\\/Affiche_c.jpg\",\"width\":1600,\"height\":1600},{\"@type\":\"BreadcrumbList\",\"@id\":\"https:\\\/\\\/orasetz.cluster029.hosting.ovh.net\\\/index.php\\\/lieux-dexposition\\\/#breadcrumb\",\"itemListElement\":[{\"@type\":\"ListItem\",\"position\":1,\"name\":\"Accueil\",\"item\":\"http:\\\/\\\/orasetz.cluster029.hosting.ovh.net\\\/\"},{\"@type\":\"ListItem\",\"position\":2,\"name\":\"Lieux d&rsquo;exposition\"}]},{\"@type\":\"WebSite\",\"@id\":\"http:\\\/\\\/orasetz.cluster029.hosting.ovh.net\\\/#website\",\"url\":\"http:\\\/\\\/orasetz.cluster029.hosting.ovh.net\\\/\",\"name\":\"mati\u00e8re et compagnie\",\"description\":\"Cr\u00e9ation d&#039;objets en c\u00e9ramique, en bois, en m\u00e9tal\",\"publisher\":{\"@id\":\"http:\\\/\\\/orasetz.cluster029.hosting.ovh.net\\\/#organization\"},\"potentialAction\":[{\"@type\":\"SearchAction\",\"target\":{\"@type\":\"EntryPoint\",\"urlTemplate\":\"http:\\\/\\\/orasetz.cluster029.hosting.ovh.net\\\/?s={search_term_string}\"},\"query-input\":{\"@type\":\"PropertyValueSpecification\",\"valueRequired\":true,\"valueName\":\"search_term_string\"}}],\"inLanguage\":\"fr-FR\"},{\"@type\":\"Organization\",\"@id\":\"http:\\\/\\\/orasetz.cluster029.hosting.ovh.net\\\/#organization\",\"name\":\"Mati\u00e8re et compagnie\",\"url\":\"http:\\\/\\\/orasetz.cluster029.hosting.ovh.net\\\/\",\"logo\":{\"@type\":\"ImageObject\",\"inLanguage\":\"fr-FR\",\"@id\":\"http:\\\/\\\/orasetz.cluster029.hosting.ovh.net\\\/#\\\/schema\\\/logo\\\/image\\\/\",\"url\":\"http:\\\/\\\/orasetz.cluster029.hosting.ovh.net\\\/wp-content\\\/uploads\\\/2022\\\/06\\\/logo-matiere-co-gris.png\",\"contentUrl\":\"http:\\\/\\\/orasetz.cluster029.hosting.ovh.net\\\/wp-content\\\/uploads\\\/2022\\\/06\\\/logo-matiere-co-gris.png\",\"width\":532,\"height\":831,\"caption\":\"Mati\u00e8re et compagnie\"},\"image\":{\"@id\":\"http:\\\/\\\/orasetz.cluster029.hosting.ovh.net\\\/#\\\/schema\\\/logo\\\/image\\\/\"},\"sameAs\":[\"https:\\\/\\\/www.instagram.com\\\/fabien.more\\\/\"]}]}<\/script>\n<!-- \/ Yoast SEO plugin. -->","yoast_head_json":{"title":"Lieux d'exposition - mati\u00e8re et compagnie","robots":{"index":"index","follow":"follow","max-snippet":"max-snippet:-1","max-image-preview":"max-image-preview:large","max-video-preview":"max-video-preview:-1"},"canonical":"https:\/\/orasetz.cluster029.hosting.ovh.net\/index.php\/lieux-dexposition\/","og_locale":"fr_FR","og_type":"article","og_title":"Lieux d'exposition - mati\u00e8re et compagnie","og_description":"Recherche de lieux d&rsquo;exposition Je suis \u00e0 la recherche de lieux d&rsquo;expositions annuelles ou ponctuelles, n&rsquo;h\u00e9sitez pas \u00e0 me contacter. Dimanche 8 d\u00e9cembre 2024 (10h &#8211; 18h) : March\u00e9 de No\u00ebl de l&rsquo;espace Em, Gap, Hautes-Alpes (05) Samedi 7 d\u00e9cembre 2024 (10h &#8211; 18h) : March\u00e9 de No\u00ebl au Relais de l&rsquo;Avance, Saint-Etienne-Le-Laus, Hautes-Alpes (05) [&hellip;]","og_url":"https:\/\/orasetz.cluster029.hosting.ovh.net\/index.php\/lieux-dexposition\/","og_site_name":"mati\u00e8re et compagnie","article_modified_time":"2024-11-27T17:05:54+00:00","og_image":[{"url":"http:\/\/orasetz.cluster029.hosting.ovh.net\/wp-content\/uploads\/2024\/11\/Affiche_c-1024x1024.jpg","type":"","width":"","height":""}],"twitter_card":"summary_large_image","twitter_misc":{"Dur\u00e9e de lecture estim\u00e9e":"2 minutes"},"schema":{"@context":"https:\/\/schema.org","@graph":[{"@type":"WebPage","@id":"https:\/\/orasetz.cluster029.hosting.ovh.net\/index.php\/lieux-dexposition\/","url":"https:\/\/orasetz.cluster029.hosting.ovh.net\/index.php\/lieux-dexposition\/","name":"Lieux d'exposition - mati\u00e8re et compagnie","isPartOf":{"@id":"http:\/\/orasetz.cluster029.hosting.ovh.net\/#website"},"primaryImageOfPage":{"@id":"https:\/\/orasetz.cluster029.hosting.ovh.net\/index.php\/lieux-dexposition\/#primaryimage"},"image":{"@id":"https:\/\/orasetz.cluster029.hosting.ovh.net\/index.php\/lieux-dexposition\/#primaryimage"},"thumbnailUrl":"http:\/\/orasetz.cluster029.hosting.ovh.net\/wp-content\/uploads\/2024\/11\/Affiche_c-1024x1024.jpg","datePublished":"2022-06-27T21:02:22+00:00","dateModified":"2024-11-27T17:05:54+00:00","breadcrumb":{"@id":"https:\/\/orasetz.cluster029.hosting.ovh.net\/index.php\/lieux-dexposition\/#breadcrumb"},"inLanguage":"fr-FR","potentialAction":[{"@type":"ReadAction","target":["https:\/\/orasetz.cluster029.hosting.ovh.net\/index.php\/lieux-dexposition\/"]}]},{"@type":"ImageObject","inLanguage":"fr-FR","@id":"https:\/\/orasetz.cluster029.hosting.ovh.net\/index.php\/lieux-dexposition\/#primaryimage","url":"http:\/\/orasetz.cluster029.hosting.ovh.net\/wp-content\/uploads\/2024\/11\/Affiche_c.jpg","contentUrl":"http:\/\/orasetz.cluster029.hosting.ovh.net\/wp-content\/uploads\/2024\/11\/Affiche_c.jpg","width":1600,"height":1600},{"@type":"BreadcrumbList","@id":"https:\/\/orasetz.cluster029.hosting.ovh.net\/index.php\/lieux-dexposition\/#breadcrumb","itemListElement":[{"@type":"ListItem","position":1,"name":"Accueil","item":"http:\/\/orasetz.cluster029.hosting.ovh.net\/"},{"@type":"ListItem","position":2,"name":"Lieux d&rsquo;exposition"}]},{"@type":"WebSite","@id":"http:\/\/orasetz.cluster029.hosting.ovh.net\/#website","url":"http:\/\/orasetz.cluster029.hosting.ovh.net\/","name":"mati\u00e8re et compagnie","description":"Cr\u00e9ation d&#039;objets en c\u00e9ramique, en bois, en m\u00e9tal","publisher":{"@id":"http:\/\/orasetz.cluster029.hosting.ovh.net\/#organization"},"potentialAction":[{"@type":"SearchAction","target":{"@type":"EntryPoint","urlTemplate":"http:\/\/orasetz.cluster029.hosting.ovh.net\/?s={search_term_string}"},"query-input":{"@type":"PropertyValueSpecification","valueRequired":true,"valueName":"search_term_string"}}],"inLanguage":"fr-FR"},{"@type":"Organization","@id":"http:\/\/orasetz.cluster029.hosting.ovh.net\/#organization","name":"Mati\u00e8re et compagnie","url":"http:\/\/orasetz.cluster029.hosting.ovh.net\/","logo":{"@type":"ImageObject","inLanguage":"fr-FR","@id":"http:\/\/orasetz.cluster029.hosting.ovh.net\/#\/schema\/logo\/image\/","url":"http:\/\/orasetz.cluster029.hosting.ovh.net\/wp-content\/uploads\/2022\/06\/logo-matiere-co-gris.png","contentUrl":"http:\/\/orasetz.cluster029.hosting.ovh.net\/wp-content\/uploads\/2022\/06\/logo-matiere-co-gris.png","width":532,"height":831,"caption":"Mati\u00e8re et compagnie"},"image":{"@id":"http:\/\/orasetz.cluster029.hosting.ovh.net\/#\/schema\/logo\/image\/"},"sameAs":["https:\/\/www.instagram.com\/fabien.more\/"]}]}},"_links":{"self":[{"href":"http:\/\/orasetz.cluster029.hosting.ovh.net\/index.php\/wp-json\/wp\/v2\/pages\/112","targetHints":{"allow":["GET"]}}],"collection":[{"href":"http:\/\/orasetz.cluster029.hosting.ovh.net\/index.php\/wp-json\/wp\/v2\/pages"}],"about":[{"href":"http:\/\/orasetz.cluster029.hosting.ovh.net\/index.php\/wp-json\/wp\/v2\/types\/page"}],"author":[{"embeddable":true,"href":"http:\/\/orasetz.cluster029.hosting.ovh.net\/index.php\/wp-json\/wp\/v2\/users\/1"}],"replies":[{"embeddable":true,"href":"http:\/\/orasetz.cluster029.hosting.ovh.net\/index.php\/wp-json\/wp\/v2\/comments?post=112"}],"version-history":[{"count":40,"href":"http:\/\/orasetz.cluster029.hosting.ovh.net\/index.php\/wp-json\/wp\/v2\/pages\/112\/revisions"}],"predecessor-version":[{"id":459,"href":"http:\/\/orasetz.cluster029.hosting.ovh.net\/index.php\/wp-json\/wp\/v2\/pages\/112\/revisions\/459"}],"wp:attachment":[{"href":"http:\/\/orasetz.cluster029.hosting.ovh.net\/index.php\/wp-json\/wp\/v2\/media?parent=112"}],"curies":[{"name":"wp","href":"https:\/\/api.w.org\/{rel}","templated":true}]}}